{"id":26,"date":"2016-09-25T16:48:23","date_gmt":"2016-09-25T13:48:23","guid":{"rendered":"http:\/\/residenceambient.hotelsperformance.net\/?page_id=26"},"modified":"2025-07-08T01:22:00","modified_gmt":"2025-07-07T22:22:00","slug":"mic-dejun","status":"publish","type":"page","link":"https:\/\/www.residenceambient.ro\/es\/hotel-services\/mic-dejun\/","title":{"rendered":"Desayuno"},"content":{"rendered":"<p>[vc_row disable_element=\u00bbyes\u00bb][vc_column width=\u00bb1\/3&#8243;][vc_single_image image=\u00bb286&#8243; img_size=\u00bb\u00bb alignment=\u00bbcenter\u00bb][\/vc_column][vc_column width=\u00bb1\/3&#8243;][vc_column_text]<\/p>\n<h3 style=\"text-align: center;\"><span style=\"color: #542f00;\">\u00a1Empieza el d\u00eda con energ\u00eda\u00a1<\/span><\/h3>\n<p style=\"text-align: center;\">Sabemos de la\u00a0importancia del desayuno, la comida m\u00e1s importante del d\u00eda y por eso te invitamos a disfrutar cada ma\u00f1ana entre las 7 y 11 horas de lunes a s\u00e1bado y entre las 8 a 11 horas el domingo de nuestro desayuno buffet, de la Pensi\u00f3n Ambient, que incluye entre otros: huevos revueltos y fritos, quesos, embutidos, salchichas, humus, verduras, productos l\u00e1cteos, yogures, musli, refrescos, caf\u00e9, agua.<\/p>\n<p>[\/vc_column_text][\/vc_column][vc_column width=\u00bb1\/3&#8243;][vc_single_image image=\u00bb287&#8243; img_size=\u00bb\u00bb alignment=\u00bbcenter\u00bb][\/vc_column][\/vc_row][vc_row css=\u00bb.vc_custom_1541179718325{margin-top: -100px !important;margin-bottom: -180px !important;}\u00bb][vc_column][vc_separator color=\u00bbcustom\u00bb border_width=\u00bb2&#8243; accent_color=\u00bb#542f00&#8243; css=\u00bb.vc_custom_1475263766618{margin-top: -50px !important;margin-bottom: 50px !important;}\u00bb][\/vc_column][\/vc_row][vc_row][vc_column][vc_column_text]<\/p>\n<h3 style=\"text-align: center;\"><a href=\"https:\/\/www.pensiuneambient.ro\/es\/hotel_services\/breakfast\/\"><span style=\"color: #542f00;\">Desayuno Buffet\u00a0en la Pensi\u00f3n Ambient<\/span><\/a><\/h3>\n<p style=\"text-align: center;\"><strong>En el edificio de la <a href=\"https:\/\/www.pensiuneambient.ro\/es\/hotel_services\/breakfast\/\">Pensi\u00f3n Ambient<\/a> (a 5 minutos a pie), pueden disfrutar de un <\/strong><a href=\"https:\/\/www.pensiuneambient.ro\/es\/hotel_services\/breakfast\/\">desayuno\u00a0<\/a>buffet.<strong> Coste: 8\u20ac\/persona<\/strong><\/p>\n<p>[\/vc_column_text][vc_tta_accordion][vc_tta_section i_icon_fontawesome=\u00bbfa fa-coffee\u00bb add_icon=\u00bbtrue\u00bb title=\u00bbDesayuno Buffet Ambient Pension\u00bb tab_id=\u00bb1475261878943-209051d0-a8de\u00bb][vc_row_inner][vc_column_inner width=\u00bb1\/3&#8243;][vc_column_text]<\/p>\n<ul>\n<li>Caf\u00e9<\/li>\n<li>T\u00e9<\/li>\n<li>Leche<\/li>\n<li>Zumos<\/li>\n<li>Agua Mineral<\/li>\n<li>Tortilla<\/li>\n<li>Huevos hervidos<\/li>\n<li>Huevos Fritos<\/li>\n<li>Salchichas, normales y picantes<\/li>\n<li>Tartaletas\u00a0variadas<\/li>\n<li>Mantequilla, mermelada y miel.<\/li>\n<li>Cereales<\/li>\n<li>Crema de chocolate<\/li>\n<li>Galletas y madalenas<\/li>\n<\/ul>\n<p>[\/vc_column_text][\/vc_column_inner][vc_column_inner width=\u00bb1\/3&#8243;][vc_column_text]<\/p>\n<ul>\n<li>Surtido de jamones hervidos<\/li>\n<li>Surtido de salami<\/li>\n<li>Surtido de quesos<\/li>\n<li>Bacon<\/li>\n<li>Tostadas de queso y tomate<\/li>\n<li>Tomates<\/li>\n<li>Pepinos<\/li>\n<li>Pimientos<\/li>\n<li>R\u00e1banos<\/li>\n<li>Aceitunas<\/li>\n<li>Yogurt<\/li>\n<li>Pastelaria dulce y salada<\/li>\n<li>Fruta<\/li>\n<\/ul>\n<p>[\/vc_column_text][\/vc_column_inner][vc_column_inner width=\u00bb1\/3&#8243;][vc_single_image image=\u00bb306&#8243; img_size=\u00bb\u00bb alignment=\u00bbright\u00bb][\/vc_column_inner][\/vc_row_inner][\/vc_tta_section][\/vc_tta_accordion][\/vc_column][\/vc_row][vc_row css=\u00bb.vc_custom_1475531130624{margin-top: -100px !important;}\u00bb][vc_column][vc_images_carousel images=\u00bb375,376,377&#8243; speed=\u00bb10000&#8243;][\/vc_column][\/vc_row][vc_row css=\u00bb.vc_custom_1475263824127{margin-top: -60px !important;margin-bottom: -180px !important;}\u00bb][vc_column][vc_separator color=\u00bbcustom\u00bb border_width=\u00bb2&#8243; accent_color=\u00bb#542f00&#8243; css=\u00bb.vc_custom_1475263766618{margin-top: -50px !important;margin-bottom: 50px !important;}\u00bb][\/vc_column][\/vc_row][vc_row css=\u00bb.vc_custom_1472672109630{margin-top: -40px !important;margin-bottom: -110px !important;}\u00bb][vc_column width=\u00bb1\/4&#8243;][\/vc_column][vc_column width=\u00bb1\/2&#8243;][vc_column_text]<\/p>\n<h2 class=\"text-center\" style=\"text-align: center;\"><span style=\"color: #542f00;\"><i class='fa fa-fw fa-clock-o fa-lg center-block ' style=''><\/i><\/span>Horario del\u00a0desayuno<\/h2>\n<p style=\"text-align: center;\">Podr\u00e1s disfrutar del fantastico desayuno Ambient hasta las 11 de la ma\u00f1ana.<\/p>\n<p style=\"text-align: center;\">Desayuno: 7am &#8211; 11am<\/p>\n<p>[\/vc_column_text][\/vc_column][vc_column width=\u00bb1\/4&#8243;][\/vc_column][\/vc_row][vc_row][vc_column css=\u00bb.vc_custom_1472663865345{margin-bottom: -200px !important;}\u00bb][vc_raw_html css=\u00bb.vc_custom_1491565644052{background-image: url(https:\/\/www.residenceambient.ro\/wp-content\/uploads\/2014\/09\/pensiuneambient.jpg?id=5755) !important;}\u00bb]JTNDc2NyaXB0JTIwdHlwZSUzRCUyMnRleHQlMkZqYXZhc2NyaXB0JTIyJTIwc3JjJTNEJTIyaHR0cHMlM0ElMkYlMkZvcGVuLnVwcGVyYm9va2luZy5jb20lMkZhbWJpZW50cGVuc2l1bmUlMkZCb29raW5nLmpzJTNGbG9jYWxlJTNEZXMlMjIlM0UlM0MlMkZzY3JpcHQlM0U=[\/vc_raw_html][\/vc_column][\/vc_row]<\/p>","protected":false},"excerpt":{"rendered":"<p>[vc_row disable_element=\u00bbyes\u00bb][vc_column width=\u00bb1\/3&#8243;][vc_single_image image=\u00bb286&#8243; img_size=\u00bb\u00bb alignment=\u00bbcenter\u00bb][\/vc_column][vc_column width=\u00bb1\/3&#8243;][vc_column_text] \u00a1Empieza el d\u00eda con energ\u00eda\u00a1 Sabemos de la\u00a0importancia del desayuno, la comida m\u00e1s [&hellip;]<\/p>\n","protected":false},"author":1,"featured_media":0,"parent":11,"menu_order":3,"comment_status":"closed","ping_status":"closed","template":"","meta":{"footnotes":""},"yst_prominent_words":[],"class_list":["post-26","page","type-page","status-publish","hentry"],"yoast_head":"<!-- This site is optimized with the Yoast SEO Premium plugin v14.0.2 - https:\/\/yoast.com\/wordpress\/plugins\/seo\/ -->\n<title>Desayuno - Ambient Residence - Brasov - Reserva al mejor precio las propriedades Ambient<\/title>\n<meta name=\"robots\" content=\"index, follow\" \/>\n<meta name=\"googlebot\" content=\"index, follow, max-snippet:-1, max-image-preview:large, max-video-preview:-1\" \/>\n<meta name=\"bingbot\" content=\"index, follow, max-snippet:-1, max-image-preview:large, max-video-preview:-1\" \/>\n<link rel=\"canonical\" href=\"https:\/\/www.residenceambient.ro\/hotel-services\/mic-dejun\/\" \/>\n<meta property=\"og:locale\" content=\"es_ES\" \/>\n<meta property=\"og:type\" content=\"article\" \/>\n<meta property=\"og:title\" content=\"[:ro]Mic Dejun[:en]Breakfast[:es]Desayuno[:de]Fr\u00fchst\u00fcck[:] - Ambient Residence - Brasov - Reserva al mejor precio las propriedades Ambient\" \/>\n<meta property=\"og:description\" content=\"[vc_row disable_element=\u00bbyes\u00bb][vc_column width=\u00bb1\/3&#8243;][vc_single_image image=\u00bb286&#8243; img_size=\u00bb\u00bb alignment=\u00bbcenter\u00bb][\/vc_column][vc_column width=\u00bb1\/3&#8243;][vc_column_text] \u00a1Empieza el d\u00eda con energ\u00eda\u00a1 Sabemos de la\u00a0importancia del desayuno, la comida m\u00e1s [&hellip;]\" \/>\n<meta property=\"og:url\" content=\"https:\/\/www.residenceambient.ro\/hotel-services\/mic-dejun\/\" \/>\n<meta property=\"og:site_name\" content=\"Ambient Residence - Brasov - Reserva al mejor precio las propriedades Ambient\" \/>\n<meta property=\"article:modified_time\" content=\"2025-07-07T22:22:00+00:00\" \/>\n<meta name=\"twitter:card\" content=\"summary_large_image\" \/>\n<script type=\"application\/ld+json\" class=\"yoast-schema-graph\">{\"@context\":\"https:\/\/schema.org\",\"@graph\":[{\"@type\":\"WebSite\",\"@id\":\"https:\/\/www.residenceambient.ro\/es\/#website\",\"url\":\"https:\/\/www.residenceambient.ro\/es\/\",\"name\":\"Ambient Residence - Brasov - Reserva al mejor precio las propriedades Ambient\",\"description\":\"Site Oficial\",\"potentialAction\":[{\"@type\":\"SearchAction\",\"target\":\"https:\/\/www.residenceambient.ro\/es\/?s={search_term_string}\",\"query-input\":\"required name=search_term_string\"}],\"inLanguage\":\"es\"},{\"@type\":\"WebPage\",\"@id\":\"https:\/\/www.residenceambient.ro\/hotel-services\/mic-dejun\/#webpage\",\"url\":\"https:\/\/www.residenceambient.ro\/hotel-services\/mic-dejun\/\",\"name\":\"[:ro]Mic Dejun[:en]Breakfast[:es]Desayuno[:de]Fr\\u00fchst\\u00fcck[:] - Ambient Residence - Brasov - Reserva al mejor precio las propriedades Ambient\",\"isPartOf\":{\"@id\":\"https:\/\/www.residenceambient.ro\/es\/#website\"},\"datePublished\":\"2016-09-25T13:48:23+00:00\",\"dateModified\":\"2025-07-07T22:22:00+00:00\",\"inLanguage\":\"es\",\"potentialAction\":[{\"@type\":\"ReadAction\",\"target\":[\"https:\/\/www.residenceambient.ro\/hotel-services\/mic-dejun\/\"]}]}]}<\/script>\n<!-- \/ Yoast SEO Premium plugin. -->","_links":{"self":[{"href":"https:\/\/www.residenceambient.ro\/es\/wp-json\/wp\/v2\/pages\/26","targetHints":{"allow":["GET"]}}],"collection":[{"href":"https:\/\/www.residenceambient.ro\/es\/wp-json\/wp\/v2\/pages"}],"about":[{"href":"https:\/\/www.residenceambient.ro\/es\/wp-json\/wp\/v2\/types\/page"}],"author":[{"embeddable":true,"href":"https:\/\/www.residenceambient.ro\/es\/wp-json\/wp\/v2\/users\/1"}],"replies":[{"embeddable":true,"href":"https:\/\/www.residenceambient.ro\/es\/wp-json\/wp\/v2\/comments?post=26"}],"version-history":[{"count":103,"href":"https:\/\/www.residenceambient.ro\/es\/wp-json\/wp\/v2\/pages\/26\/revisions"}],"predecessor-version":[{"id":1811,"href":"https:\/\/www.residenceambient.ro\/es\/wp-json\/wp\/v2\/pages\/26\/revisions\/1811"}],"up":[{"embeddable":true,"href":"https:\/\/www.residenceambient.ro\/es\/wp-json\/wp\/v2\/pages\/11"}],"wp:attachment":[{"href":"https:\/\/www.residenceambient.ro\/es\/wp-json\/wp\/v2\/media?parent=26"}],"wp:term":[{"taxonomy":"yst_prominent_words","embeddable":true,"href":"https:\/\/www.residenceambient.ro\/es\/wp-json\/wp\/v2\/yst_prominent_words?post=26"}],"curies":[{"name":"wp","href":"https:\/\/api.w.org\/{rel}","templated":true}]}}